{"version":"1.0","provider_name":"Histoire de France   -  Communiqu\u00e9s","provider_url":"https:\/\/www.charles-de-flahaut.fr\/wordpress","author_name":"administrateur","author_url":"https:\/\/www.charles-de-flahaut.fr\/wordpress\/author\/hist_8la_ad\/","title":"Le ch\u00e2teau d'Arques (Aude) - Histoire de France - Communiqu\u00e9s","type":"rich","width":600,"height":338,"html":"<blockquote class=\"wp-embedded-content\" data-secret=\"G3RHCokbSu\"><a href=\"https:\/\/www.charles-de-flahaut.fr\/wordpress\/le-chateau-darques-aude\/\">Le ch\u00e2teau d&rsquo;Arques (Aude)<\/a><\/blockquote><iframe sandbox=\"allow-scripts\" security=\"restricted\" src=\"https:\/\/www.charles-de-flahaut.fr\/wordpress\/le-chateau-darques-aude\/embed\/#?secret=G3RHCokbSu\" width=\"600\" height=\"338\" title=\"\u00ab\u00a0Le ch\u00e2teau d&rsquo;Arques (Aude)\u00a0\u00bb &#8212; Histoire de France   -  Communiqu\u00e9s\" data-secret=\"G3RHCokbSu\" frameborder=\"0\" marginwidth=\"0\" marginheight=\"0\" scrolling=\"no\" class=\"wp-embedded-content\"><\/iframe><script type=\"text\/javascript\">\n\/* <![CDATA[ *\/\n\/*! This file is auto-generated *\/\n!function(d,l){\"use strict\";l.querySelector&&d.addEventListener&&\"undefined\"!=typeof URL&&(d.wp=d.wp||{},d.wp.receiveEmbedMessage||(d.wp.receiveEmbedMessage=function(e){var t=e.data;if((t||t.secret||t.message||t.value)&&!\/[^a-zA-Z0-9]\/.test(t.secret)){for(var s,r,n,a=l.querySelectorAll('iframe[data-secret=\"'+t.secret+'\"]'),o=l.querySelectorAll('blockquote[data-secret=\"'+t.secret+'\"]'),c=new RegExp(\"^https?:$\",\"i\"),i=0;i<o.length;i++)o[i].style.display=\"none\";for(i=0;i<a.length;i++)s=a[i],e.source===s.contentWindow&&(s.removeAttribute(\"style\"),\"height\"===t.message?(1e3<(r=parseInt(t.value,10))?r=1e3:~~r<200&&(r=200),s.height=r):\"link\"===t.message&&(r=new URL(s.getAttribute(\"src\")),n=new URL(t.value),c.test(n.protocol))&&n.host===r.host&&l.activeElement===s&&(d.top.location.href=t.value))}},d.addEventListener(\"message\",d.wp.receiveEmbedMessage,!1),l.addEventListener(\"DOMContentLoaded\",function(){for(var e,t,s=l.querySelectorAll(\"iframe.wp-embedded-content\"),r=0;r<s.length;r++)(t=(e=s[r]).getAttribute(\"data-secret\"))||(t=Math.random().toString(36).substring(2,12),e.src+=\"#?secret=\"+t,e.setAttribute(\"data-secret\",t)),e.contentWindow.postMessage({message:\"ready\",secret:t},\"*\")},!1)))}(window,document);\n\/\/# sourceURL=https:\/\/www.charles-de-flahaut.fr\/wordpress\/wp-includes\/js\/wp-embed.min.js\n\/* ]]> *\/\n<\/script>\n","description":"Le ch\u00e2teau d&rsquo;Arques (Aude) http:\/\/www.chateau-arques.fr\/rubrique.php3?id_rubrique=2 un site r\u00e9f\u00e9renc\u00e9 sur le nouvel\u00a0\u00a0Annuaire Historique des Communes de France Occup\u00e9 7000 ans avant notre \u00e8re, le territoire d\u2019Arques et sa vall\u00e9e se situaient, \u00e0 l\u2019\u00e9poque carolingienne dans un vaste ensemble avec comme capitale Rennes le Ch\u00e2teau, \u00e0 la limite du Raz\u00e8s et du Termen\u00e8s. Pendant la croisade albigeoise &hellip; Lire la suite","thumbnail_url":"https:\/\/www.charles-de-flahaut.fr\/wordpress\/wp-content\/uploads\/2018\/12\/chateaudarques11.jpg"}