{"version":"1.0","provider_name":"Histoire de France   -  Communiqu\u00e9s","provider_url":"https:\/\/www.charles-de-flahaut.fr\/wordpress","author_name":"administrateur","author_url":"https:\/\/www.charles-de-flahaut.fr\/wordpress\/author\/hist_8la_ad\/","title":"Histoire d'Avess\u00e9 (Sarthe) - Histoire de France - Communiqu\u00e9s","type":"rich","width":600,"height":338,"html":"<blockquote class=\"wp-embedded-content\" data-secret=\"h1bW5oQrZ3\"><a href=\"https:\/\/www.charles-de-flahaut.fr\/wordpress\/histoire-davesse-sarthe\/\">Histoire d&rsquo;Avess\u00e9 (Sarthe)<\/a><\/blockquote><iframe sandbox=\"allow-scripts\" security=\"restricted\" src=\"https:\/\/www.charles-de-flahaut.fr\/wordpress\/histoire-davesse-sarthe\/embed\/#?secret=h1bW5oQrZ3\" width=\"600\" height=\"338\" title=\"\u00ab\u00a0Histoire d&rsquo;Avess\u00e9 (Sarthe)\u00a0\u00bb &#8212; Histoire de France   -  Communiqu\u00e9s\" data-secret=\"h1bW5oQrZ3\" frameborder=\"0\" marginwidth=\"0\" marginheight=\"0\" scrolling=\"no\" class=\"wp-embedded-content\"><\/iframe><script type=\"text\/javascript\">\n\/* <![CDATA[ *\/\n\/*! This file is auto-generated *\/\n!function(d,l){\"use strict\";l.querySelector&&d.addEventListener&&\"undefined\"!=typeof URL&&(d.wp=d.wp||{},d.wp.receiveEmbedMessage||(d.wp.receiveEmbedMessage=function(e){var t=e.data;if((t||t.secret||t.message||t.value)&&!\/[^a-zA-Z0-9]\/.test(t.secret)){for(var s,r,n,a=l.querySelectorAll('iframe[data-secret=\"'+t.secret+'\"]'),o=l.querySelectorAll('blockquote[data-secret=\"'+t.secret+'\"]'),c=new RegExp(\"^https?:$\",\"i\"),i=0;i<o.length;i++)o[i].style.display=\"none\";for(i=0;i<a.length;i++)s=a[i],e.source===s.contentWindow&&(s.removeAttribute(\"style\"),\"height\"===t.message?(1e3<(r=parseInt(t.value,10))?r=1e3:~~r<200&&(r=200),s.height=r):\"link\"===t.message&&(r=new URL(s.getAttribute(\"src\")),n=new URL(t.value),c.test(n.protocol))&&n.host===r.host&&l.activeElement===s&&(d.top.location.href=t.value))}},d.addEventListener(\"message\",d.wp.receiveEmbedMessage,!1),l.addEventListener(\"DOMContentLoaded\",function(){for(var e,t,s=l.querySelectorAll(\"iframe.wp-embedded-content\"),r=0;r<s.length;r++)(t=(e=s[r]).getAttribute(\"data-secret\"))||(t=Math.random().toString(36).substring(2,12),e.src+=\"#?secret=\"+t,e.setAttribute(\"data-secret\",t)),e.contentWindow.postMessage({message:\"ready\",secret:t},\"*\")},!1)))}(window,document);\n\/\/# sourceURL=https:\/\/www.charles-de-flahaut.fr\/wordpress\/wp-includes\/js\/wp-embed.min.js\n\/* ]]> *\/\n<\/script>\n","description":"Histoire d&rsquo;Avess\u00e9 (Sarthe) https:\/\/fr.wikipedia.org\/wiki\/Avess%C3%A9#Histoire un site r\u00e9f\u00e9renc\u00e9 sur le nouvel&nbsp;&nbsp;Annuaire Historique des Communes de France Comme la r\u00e9gion du Maine dans son ensemble, Avess\u00e9 est une commune marqu\u00e9e par la guerre de Cent Ans et par les troubles r\u00e9volutionnaires. Pendant la R\u00e9volution, il a \u00e9t\u00e9 dit que la commune \u00e9tait essentiellement royaliste et que le &hellip; Lire la suite","thumbnail_url":"http:\/\/www.charles-de-flahaut.fr\/wordpress\/wp-content\/uploads\/2015\/12\/avesse72-300x199.jpg"}