{"version":"1.0","provider_name":"Histoire de France   -  Communiqu\u00e9s","provider_url":"https:\/\/www.charles-de-flahaut.fr\/wordpress","author_name":"administrateur","author_url":"https:\/\/www.charles-de-flahaut.fr\/wordpress\/author\/hist_8la_ad\/","title":"Ardennes G\u00e9n\u00e9alogie - Histoire de France - Communiqu\u00e9s","type":"rich","width":600,"height":338,"html":"<blockquote class=\"wp-embedded-content\" data-secret=\"EUz9ceDsTn\"><a href=\"https:\/\/www.charles-de-flahaut.fr\/wordpress\/ardennes-genealogie\/\">Ardennes G\u00e9n\u00e9alogie<\/a><\/blockquote><iframe sandbox=\"allow-scripts\" security=\"restricted\" src=\"https:\/\/www.charles-de-flahaut.fr\/wordpress\/ardennes-genealogie\/embed\/#?secret=EUz9ceDsTn\" width=\"600\" height=\"338\" title=\"\u00ab\u00a0Ardennes G\u00e9n\u00e9alogie\u00a0\u00bb &#8212; Histoire de France   -  Communiqu\u00e9s\" data-secret=\"EUz9ceDsTn\" frameborder=\"0\" marginwidth=\"0\" marginheight=\"0\" scrolling=\"no\" class=\"wp-embedded-content\"><\/iframe><script type=\"text\/javascript\">\n\/* <![CDATA[ *\/\n\/*! This file is auto-generated *\/\n!function(d,l){\"use strict\";l.querySelector&&d.addEventListener&&\"undefined\"!=typeof URL&&(d.wp=d.wp||{},d.wp.receiveEmbedMessage||(d.wp.receiveEmbedMessage=function(e){var t=e.data;if((t||t.secret||t.message||t.value)&&!\/[^a-zA-Z0-9]\/.test(t.secret)){for(var s,r,n,a=l.querySelectorAll('iframe[data-secret=\"'+t.secret+'\"]'),o=l.querySelectorAll('blockquote[data-secret=\"'+t.secret+'\"]'),c=new RegExp(\"^https?:$\",\"i\"),i=0;i<o.length;i++)o[i].style.display=\"none\";for(i=0;i<a.length;i++)s=a[i],e.source===s.contentWindow&&(s.removeAttribute(\"style\"),\"height\"===t.message?(1e3<(r=parseInt(t.value,10))?r=1e3:~~r<200&&(r=200),s.height=r):\"link\"===t.message&&(r=new URL(s.getAttribute(\"src\")),n=new URL(t.value),c.test(n.protocol))&&n.host===r.host&&l.activeElement===s&&(d.top.location.href=t.value))}},d.addEventListener(\"message\",d.wp.receiveEmbedMessage,!1),l.addEventListener(\"DOMContentLoaded\",function(){for(var e,t,s=l.querySelectorAll(\"iframe.wp-embedded-content\"),r=0;r<s.length;r++)(t=(e=s[r]).getAttribute(\"data-secret\"))||(t=Math.random().toString(36).substring(2,12),e.src+=\"#?secret=\"+t,e.setAttribute(\"data-secret\",t)),e.contentWindow.postMessage({message:\"ready\",secret:t},\"*\")},!1)))}(window,document);\n\/\/# sourceURL=https:\/\/www.charles-de-flahaut.fr\/wordpress\/wp-includes\/js\/wp-embed.min.js\n\/* ]]> *\/\n<\/script>\n","description":"Ardennes G\u00e9n\u00e9alogie http:\/\/www.racine-d-ardennes.com\/ un nouveau site r\u00e9f\u00e9renc\u00e9 sur Histoire et patrimoine des villes et villages de France Site sp\u00e9cialis\u00e9 sur les Ardennes, la g\u00e9n\u00e9alogie et Warnecourt, contient une base de donn\u00e9es g\u00e9n\u00e9alogiques Ardennes, un recensement des registres paroissiaux et d&rsquo;\u00e9tat civil des Ardennes,des bio d&rsquo;ardennais c\u00e9l\u00e8bres,l&rsquo;histoire de Warnecourt &nbsp;","thumbnail_url":"http:\/\/www.charles-de-flahaut.fr\/wordpress\/wp-content\/uploads\/2015\/06\/racinesdardennes-300x240.jpg"}